{"id":330,"date":"2019-03-12T10:18:11","date_gmt":"2019-03-12T09:18:11","guid":{"rendered":"https:\/\/www.carboflotta.com\/?page_id=330"},"modified":"2026-02-19T13:27:07","modified_gmt":"2026-02-19T12:27:07","slug":"chi-siamo","status":"publish","type":"page","link":"https:\/\/www.carboflotta.com\/it\/chi-siamo\/","title":{"rendered":"Chi Siamo"},"content":{"rendered":"<div class=\"wpb-content-wrapper\"><p>[vc_row css_animation=&#8221;&#8221; row_type=&#8221;row&#8221; use_row_as_full_screen_section=&#8221;no&#8221; type=&#8221;grid&#8221; angled_section=&#8221;no&#8221; text_align=&#8221;left&#8221; background_image_as_pattern=&#8221;without_pattern&#8221; z_index=&#8221;&#8221; css=&#8221;.vc_custom_1554454818309{margin-top: 30px !important;}&#8221;][vc_column][vc_column_text]<\/p>\n<h3 id=\"parent-fieldname-title\" class=\"documentFirstHeading\">La storia<\/h3>\n<p>[\/vc_column_text][vc_column_text css=&#8221;.vc_custom_1648568953211{margin-top: 20px !important;margin-bottom: 20px !important;}&#8221;]Carbofin S.p.A., azienda principale e holding del Gruppo, \u00e8 stata istituita come compagnia di navigazione a met\u00e0 degli anni Cinquanta e ha posseduto e gestito diversi tipi di navi (cargo e bulk carriers, crude oil, product, chemical and gas tankers, supply vessels, ecc.), attraverso le sue diverse societ\u00e0 operative.<\/p>\n<p>Nel corso degli anni, la societ\u00e0 si \u00e8 progressivamente specializzata nel settore del trasporto del gas, e oggi possiede e gestisce una flotta di navi tankers LPG, operanti principalmente in Centro America, Brasile e Stati Uniti.<\/p>\n<p>La Compagnia, forte di una lunga tradizione nella gestione armatoriale, dispone oggi di tutte le sinergie e le competenze necessarie per soddisfare i requisiti di partner internazionali, con un management particolarmente orientato ai servizi. Carbofin gestisce e controlla direttamente ogni aspetto dell\u2019esercizio armatoriale, dalla gestione tecnica della nave, a quella finanziaria, commerciale e operativa.[\/vc_column_text][vc_empty_space height=&#8221;15px&#8221;][vc_column_text el_class=&#8221;ancora-storia&#8221;]<\/p>\n<h3 id=\"parent-fieldname-title\" class=\"documentFirstHeading\">Timeline<\/h3>\n<p>[\/vc_column_text][vc_empty_space height=&#8221;28px&#8221;]<div class=\"qode-horizontal-timeline qode-timeline-bottom\">\n\t<div class=\"qode-events-content\">\n        <ol>\n            <li class=\"qode-hti-content\" data-date=\"01\/01\/2000\">\n\t<div class=\"qode-hti-content-inner qode-timeline-has-image\">\n\t\t<div class='qode-hti-content-inner-shadow'>\n\t\t\t\t\t\t\t<div class='qode-hti-content-image'>\n\t\t\t\t\t<img loading=\"lazy\" decoding=\"async\" width=\"650\" height=\"516\" src=\"https:\/\/www.carboflotta.com\/wp-content\/uploads\/2019\/04\/1910-1955-1.png\" class=\"attachment-full size-full\" alt=\"\" srcset=\"https:\/\/www.carboflotta.com\/wp-content\/uploads\/2019\/04\/1910-1955-1.png 650w, https:\/\/www.carboflotta.com\/wp-content\/uploads\/2019\/04\/1910-1955-1-300x238.png 300w\" sizes=\"auto, (max-width: 650px) 100vw, 650px\" \/>\t\t\t\t<\/div>\n\t\t\t\t\t\t<div class='qode-hti-content-value'>\n\t\t\t\t[vc_column_text]<\/p>\n<h2>1910 &#8211; 1955<\/h2>\n<p>[\/vc_column_text][vc_empty_space][vc_column_text]L&#8217;attivit\u00e0 di shipping, intrapresa dal senatore Giovanni Battista Bibolini nel 1910, venne divisa nel 1954 tra quattro famiglie: Telesio, Lolli Ghetti, Bibolini e Cao di San Marco.<br \/>\nInizialmente le famiglie Telesio e Lolli Ghetti gestivano congiuntamente una flotta composta da tre navi cisterna e quattro navi portarinfuse. In seguito vennero ordinate tre nuove navi cisterna con portata lorda di 18.000 tonnellate in una joint venture con il Gruppo VAN OMMEREN e poi tre navi portarinfuse con portata lorda rispettivamente di 25.000, 35.000 e 45.000 tonnellate.[\/vc_column_text]\t\t\t<\/div>\n\t\t<\/div>\n\t<\/div>\n<\/li><li class=\"qode-hti-content\" data-date=\"01\/01\/2001\">\n\t<div class=\"qode-hti-content-inner qode-timeline-has-image\">\n\t\t<div class='qode-hti-content-inner-shadow'>\n\t\t\t\t\t\t\t<div class='qode-hti-content-image'>\n\t\t\t\t\t<img loading=\"lazy\" decoding=\"async\" width=\"650\" height=\"516\" src=\"https:\/\/www.carboflotta.com\/wp-content\/uploads\/2019\/04\/1965-1.png\" class=\"attachment-full size-full\" alt=\"\" srcset=\"https:\/\/www.carboflotta.com\/wp-content\/uploads\/2019\/04\/1965-1.png 650w, https:\/\/www.carboflotta.com\/wp-content\/uploads\/2019\/04\/1965-1-300x238.png 300w\" sizes=\"auto, (max-width: 650px) 100vw, 650px\" \/>\t\t\t\t<\/div>\n\t\t\t\t\t\t<div class='qode-hti-content-value'>\n\t\t\t\t[vc_column_text]<\/p>\n<h2>1965<\/h2>\n<p>[\/vc_column_text][vc_empty_space][vc_column_text]Separazione tra le famiglie Telesio-Filippi e Lolli Ghetti.<br \/>\nLa famiglia Telesio-Filippi controlla una flotta composta da sei navi portarinfuse e una nave cisterna.[\/vc_column_text]\t\t\t<\/div>\n\t\t<\/div>\n\t<\/div>\n<\/li><li class=\"qode-hti-content\" data-date=\"01\/01\/2002\">\n\t<div class=\"qode-hti-content-inner qode-timeline-has-image\">\n\t\t<div class='qode-hti-content-inner-shadow'>\n\t\t\t\t\t\t\t<div class='qode-hti-content-image'>\n\t\t\t\t\t<img loading=\"lazy\" decoding=\"async\" width=\"650\" height=\"516\" src=\"https:\/\/www.carboflotta.com\/wp-content\/uploads\/2019\/04\/1968-1.png\" class=\"attachment-full size-full\" alt=\"\" srcset=\"https:\/\/www.carboflotta.com\/wp-content\/uploads\/2019\/04\/1968-1.png 650w, https:\/\/www.carboflotta.com\/wp-content\/uploads\/2019\/04\/1968-1-300x238.png 300w\" sizes=\"auto, (max-width: 650px) 100vw, 650px\" \/>\t\t\t\t<\/div>\n\t\t\t\t\t\t<div class='qode-hti-content-value'>\n\t\t\t\t[vc_column_text]<\/p>\n<h2>1968<\/h2>\n<p>[\/vc_column_text][vc_empty_space][vc_column_text]Ingresso nel settore della chimica con la costruzione di due navi di portata lorda 3.000 DWT (denominate <a href=\"https:\/\/www.carboflotta.com\/flotta\/maramozza-1969\/\"><strong>MARAMOZZA<\/strong><\/a> e <a href=\"https:\/\/www.carboflotta.com\/flotta\/marola-1969\/\"><strong>MAROLA<\/strong><\/a>), entrambe con cisterne centrali di acciaio inox.<br \/>\nParallelamente inizia la collaborazione con <strong>GAZ OCEAN<\/strong>, che porta alla creazione di una joint venture 50\/50 e allo sviluppo di una importante flotta di navi gasiere, fino al raggiungimento di un ruolo di rilievo nel settore dell&#8217;LPG in Europa.<br \/>\nNel corso del decennio successivo vengono acquistate le navi <a href=\"https:\/\/www.carboflotta.com\/flotta\/evangelista-torricelli-1964\/\"><strong>TORRICELLI<\/strong><\/a> (1.500), <a href=\"https:\/\/www.carboflotta.com\/flotta\/gianbattista-venturi-1964\/\"><strong>VENTURI<\/strong><\/a> (2.500), <a href=\"https:\/\/www.carboflotta.com\/flotta\/amedeo-avogadro-1965\/\"><strong>AVOGADRO<\/strong><\/a> (5.000), <a href=\"https:\/\/www.carboflotta.com\/flotta\/gerolamo-cardano-1965\/\"><strong>CARDANO<\/strong><\/a> (5.500), <a href=\"https:\/\/www.carboflotta.com\/flotta\/luigi-casale-1967\/\"><strong>CASALE<\/strong><\/a> (15.000) e <a href=\"https:\/\/www.carboflotta.com\/flotta\/euclide-1971\/\"><strong>EUCLIDE<\/strong><\/a> (4.500).<\/p>\n<p>Inoltre, nel corso degli anni Settanta vengono costruite in cantieri italiani le navi <a href=\"https:\/\/www.carboflotta.com\/flotta\/luigi-galvani-1970\/\"><strong>GALVANI<\/strong><\/a> (4.000), <a href=\"https:\/\/www.carboflotta.com\/flotta\/enrico-fermi-1977\/\"><strong>ENRICO FERMI<\/strong><\/a> (7.500), <a href=\"https:\/\/www.carboflotta.com\/flotta\/luigi-lagrange-1977\/\"><strong>LUIGI LAGRANGE<\/strong><\/a> (31.000) e, nel 1982, la <a href=\"https:\/\/www.carboflotta.com\/flotta\/alessandro-volta-1982\/\"><strong>ALESSANDRO VOLTA<\/strong><\/a> (8.000).[\/vc_column_text]\t\t\t<\/div>\n\t\t<\/div>\n\t<\/div>\n<\/li><li class=\"qode-hti-content\" data-date=\"01\/01\/2003\">\n\t<div class=\"qode-hti-content-inner qode-timeline-has-image\">\n\t\t<div class='qode-hti-content-inner-shadow'>\n\t\t\t\t\t\t\t<div class='qode-hti-content-image'>\n\t\t\t\t\t<img loading=\"lazy\" decoding=\"async\" width=\"650\" height=\"516\" src=\"https:\/\/www.carboflotta.com\/wp-content\/uploads\/2019\/04\/1975-1.png\" class=\"attachment-full size-full\" alt=\"\" srcset=\"https:\/\/www.carboflotta.com\/wp-content\/uploads\/2019\/04\/1975-1.png 650w, https:\/\/www.carboflotta.com\/wp-content\/uploads\/2019\/04\/1975-1-300x238.png 300w\" sizes=\"auto, (max-width: 650px) 100vw, 650px\" \/>\t\t\t\t<\/div>\n\t\t\t\t\t\t<div class='qode-hti-content-value'>\n\t\t\t\t[vc_column_text]<\/p>\n<h2>1975<\/h2>\n<p>[\/vc_column_text][vc_empty_space][vc_column_text]Il settore chimico si rafforza con cinque nuove costruzioni tra il 1975 e il 1983 (denominate <a href=\"https:\/\/www.carboflotta.com\/flotta\/pertusola-1975\/\"><strong>PERTUSOLA<\/strong><\/a>, <a href=\"https:\/\/www.carboflotta.com\/flotta\/pugliola-1976\/\"><strong>PUGLIOLA<\/strong><\/a>, <a href=\"https:\/\/www.carboflotta.com\/flotta\/solaro-1978\/\"><strong>SOLARO<\/strong><\/a>, <a href=\"https:\/\/www.carboflotta.com\/flotta\/marigola-1981\/\"><strong>MARIGOLA<\/strong><\/a> e <a href=\"https:\/\/www.carboflotta.com\/flotta\/maramozza-1982\/\"><strong>MARAMOZZA<\/strong><\/a>).<\/p>\n<p>Le navi, progettate e costruite da cantieri italiani, hanno portata lorda da 7.500 a 12.000 tonnellate e montano tutte cisterne centrali di acciaio inox.[\/vc_column_text]\t\t\t<\/div>\n\t\t<\/div>\n\t<\/div>\n<\/li><li class=\"qode-hti-content\" data-date=\"01\/01\/2004\">\n\t<div class=\"qode-hti-content-inner qode-timeline-has-image\">\n\t\t<div class='qode-hti-content-inner-shadow'>\n\t\t\t\t\t\t\t<div class='qode-hti-content-image'>\n\t\t\t\t\t<img loading=\"lazy\" decoding=\"async\" width=\"650\" height=\"516\" src=\"https:\/\/www.carboflotta.com\/wp-content\/uploads\/2019\/04\/1983-1.png\" class=\"attachment-full size-full\" alt=\"\" srcset=\"https:\/\/www.carboflotta.com\/wp-content\/uploads\/2019\/04\/1983-1.png 650w, https:\/\/www.carboflotta.com\/wp-content\/uploads\/2019\/04\/1983-1-300x238.png 300w\" sizes=\"auto, (max-width: 650px) 100vw, 650px\" \/>\t\t\t\t<\/div>\n\t\t\t\t\t\t<div class='qode-hti-content-value'>\n\t\t\t\t[vc_column_text]<\/p>\n<h2>1983<\/h2>\n<p>[\/vc_column_text][vc_empty_space][vc_column_text]Viene costruita la <a href=\"https:\/\/www.carboflotta.com\/flotta\/lerici-1983\/\"><strong>LERICI<\/strong><\/a>, una con portata lorda di 24.500 tonnellate (una nave cisterna identica alla AGIP NAPOLI e alla AGIP PALERMO), che verr\u00e0 venduta nel 1995.[\/vc_column_text]\t\t\t<\/div>\n\t\t<\/div>\n\t<\/div>\n<\/li><li class=\"qode-hti-content\" data-date=\"01\/01\/2005\">\n\t<div class=\"qode-hti-content-inner qode-timeline-has-image\">\n\t\t<div class='qode-hti-content-inner-shadow'>\n\t\t\t\t\t\t\t<div class='qode-hti-content-image'>\n\t\t\t\t\t<img loading=\"lazy\" decoding=\"async\" width=\"650\" height=\"516\" src=\"https:\/\/www.carboflotta.com\/wp-content\/uploads\/2019\/04\/1984-1.png\" class=\"attachment-full size-full\" alt=\"\" srcset=\"https:\/\/www.carboflotta.com\/wp-content\/uploads\/2019\/04\/1984-1.png 650w, https:\/\/www.carboflotta.com\/wp-content\/uploads\/2019\/04\/1984-1-300x238.png 300w\" sizes=\"auto, (max-width: 650px) 100vw, 650px\" \/>\t\t\t\t<\/div>\n\t\t\t\t\t\t<div class='qode-hti-content-value'>\n\t\t\t\t[vc_column_text]<\/p>\n<h2>1984<\/h2>\n<p>[\/vc_column_text][vc_empty_space][vc_column_text]Viene abbandonato il settore delle rinfuse e rafforzato il settore del gas, con l&#8217;acquisizione del rimanente 50% della<strong> joint venture con GAZ OCEAN<\/strong> e di tutte le relative navi.[\/vc_column_text]\t\t\t<\/div>\n\t\t<\/div>\n\t<\/div>\n<\/li><li class=\"qode-hti-content\" data-date=\"01\/01\/2006\">\n\t<div class=\"qode-hti-content-inner qode-timeline-has-image\">\n\t\t<div class='qode-hti-content-inner-shadow'>\n\t\t\t\t\t\t\t<div class='qode-hti-content-image'>\n\t\t\t\t\t<img loading=\"lazy\" decoding=\"async\" width=\"650\" height=\"516\" src=\"https:\/\/www.carboflotta.com\/wp-content\/uploads\/2019\/04\/1986-1.png\" class=\"attachment-full size-full\" alt=\"\" srcset=\"https:\/\/www.carboflotta.com\/wp-content\/uploads\/2019\/04\/1986-1.png 650w, https:\/\/www.carboflotta.com\/wp-content\/uploads\/2019\/04\/1986-1-300x238.png 300w\" sizes=\"auto, (max-width: 650px) 100vw, 650px\" \/>\t\t\t\t<\/div>\n\t\t\t\t\t\t<div class='qode-hti-content-value'>\n\t\t\t\t[vc_column_text]<\/p>\n<h2>1986<\/h2>\n<p>[\/vc_column_text][vc_empty_space][vc_column_text]Ingresso nel settore <strong>AHTS<\/strong> (servizi per le piattaforme petrolifere) con due navi di nuova costruzione, <a href=\"https:\/\/www.carboflotta.com\/flotta\/arcola-1987\/\"><strong>ARCOLA<\/strong><\/a> e <a href=\"https:\/\/www.carboflotta.com\/flotta\/cadimare-1987\/\"><strong>CADIMARE<\/strong><\/a>. Questa attivit\u00e0 si conclude nel 1991.[\/vc_column_text]\t\t\t<\/div>\n\t\t<\/div>\n\t<\/div>\n<\/li><li class=\"qode-hti-content\" data-date=\"01\/01\/2007\">\n\t<div class=\"qode-hti-content-inner qode-timeline-has-image\">\n\t\t<div class='qode-hti-content-inner-shadow'>\n\t\t\t\t\t\t\t<div class='qode-hti-content-image'>\n\t\t\t\t\t<img loading=\"lazy\" decoding=\"async\" width=\"650\" height=\"516\" src=\"https:\/\/www.carboflotta.com\/wp-content\/uploads\/2019\/04\/1992-2003-1.png\" class=\"attachment-full size-full\" alt=\"\" srcset=\"https:\/\/www.carboflotta.com\/wp-content\/uploads\/2019\/04\/1992-2003-1.png 650w, https:\/\/www.carboflotta.com\/wp-content\/uploads\/2019\/04\/1992-2003-1-300x238.png 300w\" sizes=\"auto, (max-width: 650px) 100vw, 650px\" \/>\t\t\t\t<\/div>\n\t\t\t\t\t\t<div class='qode-hti-content-value'>\n\t\t\t\t[vc_column_text]<\/p>\n<h2>1992 &#8211; 2003<\/h2>\n<p>[\/vc_column_text][vc_empty_space][vc_column_text]Il settore del gas viene ulteriormente sviluppato, attraverso la costruzione di due nuove navi semi-refrigerate da 16.500 metri cubi, denominate <a href=\"https:\/\/www.carboflotta.com\/flotta\/maralunga-1992\/\"><strong>MARALUNGA<\/strong><\/a> e <a href=\"https:\/\/www.carboflotta.com\/flotta\/fezzano-1993\/\"><strong>FEZZANO<\/strong><\/a>.<\/p>\n<p>&nbsp;<\/p>\n<p>Inizia la collaborazione con il gruppo <strong>NORSK HYDRO<\/strong> (in seguito<strong> Yara International<\/strong>), che cresce gradualmente sino alla nascita della joint venture <strong>Carbonor S.p.A.<\/strong><\/p>\n<p>&nbsp;<\/p>\n<p>Nel frattempo vengono costruite quattro nuove navi da trasporto di LPG: nel 1996 viene varata la <a href=\"https:\/\/www.carboflotta.com\/flotta\/solaro-1996\/\"><strong>SOLARO<\/strong><\/a>, unit\u00e0 da 37.000 metri cubi (fully ref.); tre anni pi\u00f9 tardi <a href=\"https:\/\/www.carboflotta.com\/flotta\/pertusola\/\"><strong>PERTUSOLA<\/strong><\/a> e <a href=\"https:\/\/www.carboflotta.com\/flotta\/marigola\/\"><strong>MARIGOLA<\/strong><\/a>, unit\u00e0 semi-refrigerate da 18.000 metri cubi ciascuna, presso i cantieri navali Fincantieri di Genova; infine la <a href=\"https:\/\/www.carboflotta.com\/flotta\/marola\/\"><strong>MAROLA<\/strong><\/a>, unit\u00e0 da 37.000 metri cubi gemella della Solaro, viene consegnata presso i cantieri navali Fincantieri di Ancona nel novembre del 2003.[\/vc_column_text]\t\t\t<\/div>\n\t\t<\/div>\n\t<\/div>\n<\/li><li class=\"qode-hti-content\" data-date=\"01\/01\/2008\">\n\t<div class=\"qode-hti-content-inner qode-timeline-has-image\">\n\t\t<div class='qode-hti-content-inner-shadow'>\n\t\t\t\t\t\t\t<div class='qode-hti-content-image'>\n\t\t\t\t\t<img loading=\"lazy\" decoding=\"async\" width=\"650\" height=\"516\" src=\"https:\/\/www.carboflotta.com\/wp-content\/uploads\/2019\/04\/2003-1.png\" class=\"attachment-full size-full\" alt=\"\" srcset=\"https:\/\/www.carboflotta.com\/wp-content\/uploads\/2019\/04\/2003-1.png 650w, https:\/\/www.carboflotta.com\/wp-content\/uploads\/2019\/04\/2003-1-300x238.png 300w\" sizes=\"auto, (max-width: 650px) 100vw, 650px\" \/>\t\t\t\t<\/div>\n\t\t\t\t\t\t<div class='qode-hti-content-value'>\n\t\t\t\t[vc_column_text]<\/p>\n<h2>2003<\/h2>\n<p>[\/vc_column_text][vc_empty_space][vc_column_text]Viene acquisita la <strong>Divisione Tankers<\/strong> del <strong>Gruppo ENI<\/strong>, comprensiva di navi, uffici di Milano e tutto il personale. L&#8217;acquisizione porta alla costituzione di una nuova societ\u00e0, denominata <strong>Carbofin Energia Trasporti S.p.A.<\/strong> (CET), con sede in San Donato Milanese.<\/p>\n<p>&nbsp;<\/p>\n<p><strong>Carbofin Energia Trasporti S.p.A.<\/strong> gestisce una flotta propria di navi tankers (<a href=\"https:\/\/www.carboflotta.com\/flotta\/eco-europa-1994\/\"><strong>ECO EUROPA<\/strong><\/a> ed <a href=\"https:\/\/www.carboflotta.com\/flotta\/eco-africa-1994\/\"><strong>ECO AFRICA<\/strong><\/a>, da 150.000 dwt, <a href=\"https:\/\/www.carboflotta.com\/flotta\/san-terenzo-1982\/\"><strong>SAN TERENZO<\/strong><\/a> e <a href=\"https:\/\/www.carboflotta.com\/flotta\/maramozza-1983\/\"><strong>MARAMOZZA<\/strong><\/a> da 20.000 dwt) e si occupa, per conto di <strong>LNG Shipping<\/strong>, della gestione tecnica e operativa di quattro navi metaniere (<a href=\"https:\/\/www.carboflotta.com\/flotta\/lng-elba-1970\/\"><strong>LNG ELBA<\/strong><\/a> e <a href=\"https:\/\/www.carboflotta.com\/flotta\/lng-palmaria-1969\/\"><strong>LNG PALMARIA<\/strong><\/a>, da 40.000 cbm, e <a href=\"https:\/\/www.carboflotta.com\/flotta\/lng-lerici-1998\/\"><strong>LNG LERICI<\/strong><\/a> e <a href=\"https:\/\/www.carboflotta.com\/flotta\/lng-portovenere-1997\/\"><strong>LNG PORTOVENERE<\/strong><\/a>, da 65.000 cbm) con un contratto a lungo termine. <strong><a href=\"https:\/\/www.eni.com\/enipedia\/en_IT\/financial-corporate-reporting\/subsidiary-associated-companies\/lng-shipping.page\">LNG Shipping<\/a><\/strong> \u00e8 una societ\u00e0 controllata al 100% dal <strong>Gruppo ENI<\/strong>.<\/p>\n<p>La societ\u00e0 gestisce inoltre un <strong>FPSO<\/strong> da 254.000 DWT nel sud del mar della Cina, denominato <a href=\"https:\/\/www.carboflotta.com\/flotta\/nan-hai-fa-xian-1976\/\"><strong>NAN HAI FA XIAN<\/strong><\/a>, per conto di <strong>CACT Operating Group<\/strong>.<\/p>\n<p>.[\/vc_column_text]\t\t\t<\/div>\n\t\t<\/div>\n\t<\/div>\n<\/li><li class=\"qode-hti-content\" data-date=\"01\/01\/2009\">\n\t<div class=\"qode-hti-content-inner qode-timeline-has-image\">\n\t\t<div class='qode-hti-content-inner-shadow'>\n\t\t\t\t\t\t\t<div class='qode-hti-content-image'>\n\t\t\t\t\t<img loading=\"lazy\" decoding=\"async\" width=\"650\" height=\"516\" src=\"https:\/\/www.carboflotta.com\/wp-content\/uploads\/2019\/04\/2010-1.png\" class=\"attachment-full size-full\" alt=\"\" srcset=\"https:\/\/www.carboflotta.com\/wp-content\/uploads\/2019\/04\/2010-1.png 650w, https:\/\/www.carboflotta.com\/wp-content\/uploads\/2019\/04\/2010-1-300x238.png 300w\" sizes=\"auto, (max-width: 650px) 100vw, 650px\" \/>\t\t\t\t<\/div>\n\t\t\t\t\t\t<div class='qode-hti-content-value'>\n\t\t\t\t[vc_column_text]<\/p>\n<h2>2010<\/h2>\n<p>[\/vc_column_text][vc_empty_space][vc_column_text]Continua l\u2019espansione della flotta di navi LPG.<\/p>\n<p><strong>Carbonor S.p.A.<\/strong>, societ\u00e0 del Gruppo controllata da Carbofin, acquista da <strong>AP Moller-Maersk<\/strong> le due navi per il trasporto di gas da 38.500 metri cubi (completamente refrigerate) Maersk Jewel e Maersk Jade, ribattezzate <a href=\"https:\/\/www.carboflotta.com\/flotta\/luigi-lagrange\/\"><strong>LUIGI LAGRANGE<\/strong><\/a> e <a href=\"https:\/\/www.carboflotta.com\/flotta\/alessandro-volta\/\"><strong>ALESSANDRO VOLTA<\/strong><\/a>, le quali vengono impiegate rispettivamente da <strong><a href=\"https:\/\/www.maersk.com\/\">Maersk<\/a>\u00a0<\/strong>(subnoleggiata\u00a0e successivamente direttamente impiegata da\u00a0<strong><a href=\"http:\/\/www.kochind.com\/\">Koch Industries<\/a><\/strong>) e da\u00a0<strong><a href=\"http:\/\/www.petrobras.com.br\/en\">Petrobras<\/a><\/strong>.[\/vc_column_text]\t\t\t<\/div>\n\t\t<\/div>\n\t<\/div>\n<\/li><li class=\"qode-hti-content\" data-date=\"01\/01\/2010\">\n\t<div class=\"qode-hti-content-inner qode-timeline-no-image\">\n\t\t<div class='qode-hti-content-inner-shadow'>\n\t\t\t\t\t\t<div class='qode-hti-content-value'>\n\t\t\t\t[vc_column_text]<\/p>\n<h2>2012<\/h2>\n<p>[\/vc_column_text][vc_empty_space][vc_column_text]La Societ\u00e0 continua a svolgere audit su sicurezza, qualit\u00e0 e ambiente, per garantire che le navi soddisfino i sempre pi\u00f9 stringenti requisiti normativi del settore.<\/p>\n<p>Il Gruppo stringe un accordo di partnership con la societ\u00e0 di formazione marittima <strong>LITAV S.r.l.<\/strong> (Advanced Maritime Training Center, con sede a La Spezia &#8211; Italia), la quale offre una gamma completa di corsi di formazione su misura per gli equipaggi di varie tipologie di navi (tra cui anche tankers da LPG e LNG), migliorando cos\u00ec gli standard relativi a sicurezza, qualit\u00e0 e ambiente.<\/p>\n<p>Si conclude il contratto di gestione delle metaniere ENI.[\/vc_column_text]\t\t\t<\/div>\n\t\t<\/div>\n\t<\/div>\n<\/li><li class=\"qode-hti-content\" data-date=\"01\/01\/2011\">\n\t<div class=\"qode-hti-content-inner qode-timeline-has-image\">\n\t\t<div class='qode-hti-content-inner-shadow'>\n\t\t\t\t\t\t\t<div class='qode-hti-content-image'>\n\t\t\t\t\t<img loading=\"lazy\" decoding=\"async\" width=\"650\" height=\"516\" src=\"https:\/\/www.carboflotta.com\/wp-content\/uploads\/2019\/04\/2014-1.png\" class=\"attachment-full size-full\" alt=\"\" srcset=\"https:\/\/www.carboflotta.com\/wp-content\/uploads\/2019\/04\/2014-1.png 650w, https:\/\/www.carboflotta.com\/wp-content\/uploads\/2019\/04\/2014-1-300x238.png 300w\" sizes=\"auto, (max-width: 650px) 100vw, 650px\" \/>\t\t\t\t<\/div>\n\t\t\t\t\t\t<div class='qode-hti-content-value'>\n\t\t\t\t[vc_column_text]<\/p>\n<h2>2014<\/h2>\n<p>[\/vc_column_text][vc_empty_space][vc_column_text]Carbofin acquisisce il controllo (100%) di <strong>LITAV S.r.l.<\/strong>.[\/vc_column_text]\t\t\t<\/div>\n\t\t<\/div>\n\t<\/div>\n<\/li><li class=\"qode-hti-content\" data-date=\"01\/01\/2012\">\n\t<div class=\"qode-hti-content-inner qode-timeline-has-image\">\n\t\t<div class='qode-hti-content-inner-shadow'>\n\t\t\t\t\t\t\t<div class='qode-hti-content-image'>\n\t\t\t\t\t<img loading=\"lazy\" decoding=\"async\" width=\"523\" height=\"516\" src=\"https:\/\/www.carboflotta.com\/wp-content\/uploads\/2019\/04\/2015.png\" class=\"attachment-full size-full\" alt=\"\" srcset=\"https:\/\/www.carboflotta.com\/wp-content\/uploads\/2019\/04\/2015.png 523w, https:\/\/www.carboflotta.com\/wp-content\/uploads\/2019\/04\/2015-300x296.png 300w\" sizes=\"auto, (max-width: 523px) 100vw, 523px\" \/>\t\t\t\t<\/div>\n\t\t\t\t\t\t<div class='qode-hti-content-value'>\n\t\t\t\t[vc_column_text]<\/p>\n<h2>2015<\/h2>\n<p>[\/vc_column_text][vc_empty_space][vc_column_text]Con la fusione per incorporazione di <strong>Carbonor<\/strong> in <strong>Carbofin<\/strong>, la struttura del Gruppo si semplifica.[\/vc_column_text]\t\t\t<\/div>\n\t\t<\/div>\n\t<\/div>\n<\/li><li class=\"qode-hti-content\" data-date=\"01\/01\/2013\">\n\t<div class=\"qode-hti-content-inner qode-timeline-has-image\">\n\t\t<div class='qode-hti-content-inner-shadow'>\n\t\t\t\t\t\t\t<div class='qode-hti-content-image'>\n\t\t\t\t\t<img loading=\"lazy\" decoding=\"async\" width=\"650\" height=\"516\" src=\"https:\/\/www.carboflotta.com\/wp-content\/uploads\/2019\/04\/2018-1.png\" class=\"attachment-full size-full\" alt=\"\" srcset=\"https:\/\/www.carboflotta.com\/wp-content\/uploads\/2019\/04\/2018-1.png 650w, https:\/\/www.carboflotta.com\/wp-content\/uploads\/2019\/04\/2018-1-300x238.png 300w\" sizes=\"auto, (max-width: 650px) 100vw, 650px\" \/>\t\t\t\t<\/div>\n\t\t\t\t\t\t<div class='qode-hti-content-value'>\n\t\t\t\t[vc_column_text]<\/p>\n<h2>2017 &#8211; 2018<\/h2>\n<p>[\/vc_column_text][vc_empty_space][vc_column_text]Carbofin acquista un newbuilding in resale, in consegna a febbraio 2018 presso il cantiere <strong>Hyundai Heavy Industries<\/strong> (South Korea). L\u2019unit\u00e0, gasiera da 38.000 cbm completamente refrigerata, viene rinominata <a href=\"https:\/\/www.carboflotta.com\/flotta\/enrico-fermi\/\"><strong>ENRICO FERMI<\/strong><\/a> e noleggiata in time-charter a <strong>Geogas SA<\/strong>.<\/p>\n<p>&nbsp;<\/p>\n<p><strong>LITAV S.r.l.<\/strong> viene ceduta a terzi.[\/vc_column_text]\t\t\t<\/div>\n\t\t<\/div>\n\t<\/div>\n<\/li><li class=\"qode-hti-content\" data-date=\"01\/01\/2014\">\n\t<div class=\"qode-hti-content-inner qode-timeline-has-image\">\n\t\t<div class='qode-hti-content-inner-shadow'>\n\t\t\t\t\t\t\t<div class='qode-hti-content-image'>\n\t\t\t\t\t<img loading=\"lazy\" decoding=\"async\" width=\"2560\" height=\"1810\" src=\"https:\/\/www.carboflotta.com\/wp-content\/uploads\/2023\/08\/MAROLA-438576-scaled.jpg\" class=\"attachment-full size-full\" alt=\"\" srcset=\"https:\/\/www.carboflotta.com\/wp-content\/uploads\/2023\/08\/MAROLA-438576-scaled.jpg 2560w, https:\/\/www.carboflotta.com\/wp-content\/uploads\/2023\/08\/MAROLA-438576-300x212.jpg 300w, https:\/\/www.carboflotta.com\/wp-content\/uploads\/2023\/08\/MAROLA-438576-1024x724.jpg 1024w, https:\/\/www.carboflotta.com\/wp-content\/uploads\/2023\/08\/MAROLA-438576-768x543.jpg 768w, https:\/\/www.carboflotta.com\/wp-content\/uploads\/2023\/08\/MAROLA-438576-1536x1086.jpg 1536w, https:\/\/www.carboflotta.com\/wp-content\/uploads\/2023\/08\/MAROLA-438576-2048x1448.jpg 2048w, https:\/\/www.carboflotta.com\/wp-content\/uploads\/2023\/08\/MAROLA-438576-700x495.jpg 700w\" sizes=\"auto, (max-width: 2560px) 100vw, 2560px\" \/>\t\t\t\t<\/div>\n\t\t\t\t\t\t<div class='qode-hti-content-value'>\n\t\t\t\t[vc_column_text]<\/p>\n<h2>2020<\/h2>\n<p>[\/vc_column_text][vc_empty_space][vc_column_text]Carbofin prosegue nello sforzo di rinnovamento della flotta per sostituire le navi pi\u00f9 datate con nuove unit\u00e0 a basso impatto ambientale ed alta efficienza. La Marola viene quindi dismessa.<\/p>\n<p>&nbsp;<\/p>\n<p>Si rafforza la collaborazione con il <strong>Gruppo Geogas<\/strong>, con un progetto di nuova costruzione di una nave LPG da 40.000 m3 dual-fuel, in grado di utilizzare parte del carico di GPL trasportato come combustibile per la propulsione, che vede Carbofin coinvolta nel ruolo di noleggiatore di lungo periodo. La consegna della nuova nave \u00e8 prevista entro la fine dell&#8217;anno 2023.[\/vc_column_text]\t\t\t<\/div>\n\t\t<\/div>\n\t<\/div>\n<\/li><li class=\"qode-hti-content\" data-date=\"01\/01\/2015\">\n\t<div class=\"qode-hti-content-inner qode-timeline-has-image\">\n\t\t<div class='qode-hti-content-inner-shadow'>\n\t\t\t\t\t\t\t<div class='qode-hti-content-image'>\n\t\t\t\t\t<img loading=\"lazy\" decoding=\"async\" width=\"2560\" height=\"1440\" src=\"https:\/\/www.carboflotta.com\/wp-content\/uploads\/2023\/08\/image00001-scaled.jpeg\" class=\"attachment-full size-full\" alt=\"\" srcset=\"https:\/\/www.carboflotta.com\/wp-content\/uploads\/2023\/08\/image00001-scaled.jpeg 2560w, https:\/\/www.carboflotta.com\/wp-content\/uploads\/2023\/08\/image00001-300x169.jpeg 300w, https:\/\/www.carboflotta.com\/wp-content\/uploads\/2023\/08\/image00001-1024x576.jpeg 1024w, https:\/\/www.carboflotta.com\/wp-content\/uploads\/2023\/08\/image00001-768x432.jpeg 768w, https:\/\/www.carboflotta.com\/wp-content\/uploads\/2023\/08\/image00001-1536x864.jpeg 1536w, https:\/\/www.carboflotta.com\/wp-content\/uploads\/2023\/08\/image00001-2048x1152.jpeg 2048w, https:\/\/www.carboflotta.com\/wp-content\/uploads\/2023\/08\/image00001-700x394.jpeg 700w, https:\/\/www.carboflotta.com\/wp-content\/uploads\/2023\/08\/image00001-539x303.jpeg 539w\" sizes=\"auto, (max-width: 2560px) 100vw, 2560px\" \/>\t\t\t\t<\/div>\n\t\t\t\t\t\t<div class='qode-hti-content-value'>\n\t\t\t\t[vc_column_text]<\/p>\n<h2>2022<\/h2>\n<p>[\/vc_column_text][vc_empty_space][vc_column_text]Continua il progetto di rinnovamento della flotta con la dismissione di Marigola.[\/vc_column_text]\t\t\t<\/div>\n\t\t<\/div>\n\t<\/div>\n<\/li><li class=\"qode-hti-content\" data-date=\"01\/01\/2016\">\n\t<div class=\"qode-hti-content-inner qode-timeline-has-image\">\n\t\t<div class='qode-hti-content-inner-shadow'>\n\t\t\t\t\t\t\t<div class='qode-hti-content-image'>\n\t\t\t\t\t<img loading=\"lazy\" decoding=\"async\" width=\"3125\" height=\"1875\" src=\"https:\/\/www.carboflotta.com\/wp-content\/uploads\/2024\/04\/base_logo_white_background.png\" class=\"attachment-full size-full\" alt=\"\" srcset=\"https:\/\/www.carboflotta.com\/wp-content\/uploads\/2024\/04\/base_logo_white_background.png 3125w, https:\/\/www.carboflotta.com\/wp-content\/uploads\/2024\/04\/base_logo_white_background-300x180.png 300w, https:\/\/www.carboflotta.com\/wp-content\/uploads\/2024\/04\/base_logo_white_background-1024x614.png 1024w, https:\/\/www.carboflotta.com\/wp-content\/uploads\/2024\/04\/base_logo_white_background-768x461.png 768w, https:\/\/www.carboflotta.com\/wp-content\/uploads\/2024\/04\/base_logo_white_background-1536x922.png 1536w, https:\/\/www.carboflotta.com\/wp-content\/uploads\/2024\/04\/base_logo_white_background-2048x1229.png 2048w, https:\/\/www.carboflotta.com\/wp-content\/uploads\/2024\/04\/base_logo_white_background-700x420.png 700w\" sizes=\"auto, (max-width: 3125px) 100vw, 3125px\" \/>\t\t\t\t<\/div>\n\t\t\t\t\t\t<div class='qode-hti-content-value'>\n\t\t\t\t[vc_column_text]<\/p>\n<h2>2023<\/h2>\n<p>[\/vc_column_text][vc_empty_space][vc_column_text]Viene creata <strong><a href=\"https:\/\/www.carboflotta.com\/greenstar-shipmanagement\/\">Greenstar Shipmanagement S.r.l.<\/a><\/strong>, una nuova societ\u00e0 del gruppo dedicata alla gestione armatoriale di navi conto terzi.[\/vc_column_text]\t\t\t<\/div>\n\t\t<\/div>\n\t<\/div>\n<\/li>        <\/ol>\n\t<\/div>\n\t<div class=\"qode-timeline\">\n\t    <div class=\"qode-events-wrapper\">\n\t        <div class=\"qode-events\">\n\t            <ol>\n\t                \t                    <li><a href=\"javascript:void(0)\" data-date=\"01\/01\/2000\"><span class=\"qode-event-text\">1910<\/span><span class=\"circle-outer\"><\/span><\/a><\/li>\n\t                \t                    <li><a href=\"javascript:void(0)\" data-date=\"01\/01\/2001\"><span class=\"qode-event-text\">1965<\/span><span class=\"circle-outer\"><\/span><\/a><\/li>\n\t                \t                    <li><a href=\"javascript:void(0)\" data-date=\"01\/01\/2002\"><span class=\"qode-event-text\">1968<\/span><span class=\"circle-outer\"><\/span><\/a><\/li>\n\t                \t                    <li><a href=\"javascript:void(0)\" data-date=\"01\/01\/2003\"><span class=\"qode-event-text\">1975<\/span><span class=\"circle-outer\"><\/span><\/a><\/li>\n\t                \t                    <li><a href=\"javascript:void(0)\" data-date=\"01\/01\/2004\"><span class=\"qode-event-text\">1983<\/span><span class=\"circle-outer\"><\/span><\/a><\/li>\n\t                \t                    <li><a href=\"javascript:void(0)\" data-date=\"01\/01\/2005\"><span class=\"qode-event-text\">1984<\/span><span class=\"circle-outer\"><\/span><\/a><\/li>\n\t                \t                    <li><a href=\"javascript:void(0)\" data-date=\"01\/01\/2006\"><span class=\"qode-event-text\">1986<\/span><span class=\"circle-outer\"><\/span><\/a><\/li>\n\t                \t                    <li><a href=\"javascript:void(0)\" data-date=\"01\/01\/2007\"><span class=\"qode-event-text\">1992<\/span><span class=\"circle-outer\"><\/span><\/a><\/li>\n\t                \t                    <li><a href=\"javascript:void(0)\" data-date=\"01\/01\/2008\"><span class=\"qode-event-text\">2003<\/span><span class=\"circle-outer\"><\/span><\/a><\/li>\n\t                \t                    <li><a href=\"javascript:void(0)\" data-date=\"01\/01\/2009\"><span class=\"qode-event-text\">2010<\/span><span class=\"circle-outer\"><\/span><\/a><\/li>\n\t                \t                    <li><a href=\"javascript:void(0)\" data-date=\"01\/01\/2010\"><span class=\"qode-event-text\">2012<\/span><span class=\"circle-outer\"><\/span><\/a><\/li>\n\t                \t                    <li><a href=\"javascript:void(0)\" data-date=\"01\/01\/2011\"><span class=\"qode-event-text\">2014<\/span><span class=\"circle-outer\"><\/span><\/a><\/li>\n\t                \t                    <li><a href=\"javascript:void(0)\" data-date=\"01\/01\/2012\"><span class=\"qode-event-text\">2015<\/span><span class=\"circle-outer\"><\/span><\/a><\/li>\n\t                \t                    <li><a href=\"javascript:void(0)\" data-date=\"01\/01\/2013\"><span class=\"qode-event-text\">2017<\/span><span class=\"circle-outer\"><\/span><\/a><\/li>\n\t                \t                    <li><a href=\"javascript:void(0)\" data-date=\"01\/01\/2014\"><span class=\"qode-event-text\">2020<\/span><span class=\"circle-outer\"><\/span><\/a><\/li>\n\t                \t                    <li><a href=\"javascript:void(0)\" data-date=\"01\/01\/2015\"><span class=\"qode-event-text\">2022<\/span><span class=\"circle-outer\"><\/span><\/a><\/li>\n\t                \t                    <li><a href=\"javascript:void(0)\" data-date=\"01\/01\/2016\"><span class=\"qode-event-text\">2023<\/span><span class=\"circle-outer\"><\/span><\/a><\/li>\n\t                \t            <\/ol>\n\t            <span class=\"qode-filling-line\" aria-hidden=\"true\"><\/span>\n\t            <div class=\"qode-dots\"><\/div>\n\t        <\/div>\n\t    <\/div>\n\t    <ul class=\"qode-timeline-navigation\">\n\t        <li><a href=\"#0\" class=\"qode-prev inactive\"><\/a><\/li>\n\t        <li><a href=\"#0\" class=\"qode-next\"><\/a><\/li>\n\t    <\/ul>\n\t<\/div>\n<\/div>[\/vc_column][\/vc_row]<\/p>\n<p>&nbsp;<\/p>\n<p>[vc_row css_animation=&#8221;&#8221; row_type=&#8221;row&#8221; use_row_as_full_screen_section=&#8221;no&#8221; type=&#8221;full_width&#8221; angled_section=&#8221;no&#8221; text_align=&#8221;left&#8221; background_image_as_pattern=&#8221;without_pattern&#8221; css=&#8221;.vc_custom_1556617816087{margin-top: 40px !important;margin-bottom: 20px !important;}&#8221; z_index=&#8221;&#8221;][vc_column el_class=&#8221;txt-white&#8221;]<div class=\"container_inner\"><div class=\"call_to_action normal\" style=\"background-color: #5788d8;padding-top: 20px;padding-bottom: 20px;\"><div class=\"two_columns_75_25 clearfix\"><div class=\"text_wrapper column1\"><div class=\"call_to_action_text \" style=\"\">\n<h3><\/h3>\n<h3><\/h3>\n<h3>La Flotta Storica<\/h3>\n<p>Accedi allo storico delle navi del Gruppo.<\/div><\/div><div class=\"button_wrapper column2\"><a itemprop=\"url\" href=\"\/it\/la-flotta\/flotta-storica-per-anno\/\" class=\"qbutton white large\" target=\"\" style=\"color: #5788d8;border-color: #ffffff;background-color:#ffffff;\" data-hover-background-color=#ffffff data-hover-border-color=#ffffff data-hover-color=#5788d8>Vai all&#039;archivio storico<\/a><\/div><\/div><\/div><\/div>[\/vc_column][\/vc_row]<\/p>\n<p>&nbsp;<\/p>\n<p>&nbsp;<\/p>\n<\/div>","protected":false},"excerpt":{"rendered":"<p>[vc_row css_animation=&#8221;&#8221; row_type=&#8221;row&#8221; use_row_as_full_screen_section=&#8221;no&#8221; type=&#8221;grid&#8221; angled_section=&#8221;no&#8221; text_align=&#8221;left&#8221; background_image_as_pattern=&#8221;without_pattern&#8221; z_index=&#8221;&#8221; css=&#8221;.vc_custom_1554454818309{margin-top: 30px !important;}&#8221;][vc_column][vc_column_text] La storia [\/vc_column_text][vc_column_text css=&#8221;.vc_custom_1648568953211{margin-top: 20px !important;margin-bottom: 20px !important;}&#8221;]Carbofin&#8230;<\/p>\n","protected":false},"author":10,"featured_media":0,"parent":0,"menu_order":0,"comment_status":"closed","ping_status":"closed","template":"full_width.php","meta":{"footnotes":""},"class_list":["post-330","page","type-page","status-publish","hentry"],"_links":{"self":[{"href":"https:\/\/www.carboflotta.com\/it\/wp-json\/wp\/v2\/pages\/330","targetHints":{"allow":["GET"]}}],"collection":[{"href":"https:\/\/www.carboflotta.com\/it\/wp-json\/wp\/v2\/pages"}],"about":[{"href":"https:\/\/www.carboflotta.com\/it\/wp-json\/wp\/v2\/types\/page"}],"author":[{"embeddable":true,"href":"https:\/\/www.carboflotta.com\/it\/wp-json\/wp\/v2\/users\/10"}],"replies":[{"embeddable":true,"href":"https:\/\/www.carboflotta.com\/it\/wp-json\/wp\/v2\/comments?post=330"}],"version-history":[{"count":148,"href":"https:\/\/www.carboflotta.com\/it\/wp-json\/wp\/v2\/pages\/330\/revisions"}],"predecessor-version":[{"id":3214,"href":"https:\/\/www.carboflotta.com\/it\/wp-json\/wp\/v2\/pages\/330\/revisions\/3214"}],"wp:attachment":[{"href":"https:\/\/www.carboflotta.com\/it\/wp-json\/wp\/v2\/media?parent=330"}],"curies":[{"name":"wp","href":"https:\/\/api.w.org\/{rel}","templated":true}]}}